{"id":32,"date":"2017-03-06T11:22:04","date_gmt":"2017-03-06T11:22:04","guid":{"rendered":"https:\/\/www.hospizhilfe-siegen.de\/?page_id=32"},"modified":"2025-06-05T12:41:03","modified_gmt":"2025-06-05T12:41:03","slug":"grundsaetze-in-der-begleitung","status":"publish","type":"page","link":"https:\/\/www.hospizhilfe-siegen.de\/?page_id=32","title":{"rendered":"Begleitung am Lebensende"},"content":{"rendered":"\n<figure class=\"wp-block-image\"><img loading=\"lazy\" decoding=\"async\" width=\"177\" height=\"137\" src=\"https:\/\/www.hospizhilfe-siegen.de\/wp-content\/uploads\/2017\/03\/wir.jpg\" alt=\"Ambulatne \u00f6kumenische Hispizhilfe Siegen Icon Wir \u00fcber uns\" class=\"wp-image-25\"\/><\/figure>\n\n\n\n<h2 class=\"wp-block-heading\"><b>Zuh\u00f6ren &#8211; Annehmen &#8211; Begleiten<\/b><\/h2>\n\n\n\n<p><b>Begleiten <\/b>hei\u00dft f\u00fcr uns:<\/p>\n\n\n\n<ul class=\"wp-block-list\">\n<li>da sein, wenn wir gebraucht werden, zu Hause aber auch in Einrichtungen wie Pflegeheimen oder Krankenh\u00e4usern<\/li>\n\n\n\n<li>unterst\u00fctzen, die letzte Phase des Lebens so w\u00fcrdevoll und selbstbestimmt wie m\u00f6glich zu gestalten und&nbsp; Unerledigtes abzuschlie\u00dfen<\/li>\n\n\n\n<li>in den letzten Lebenstagen wachend am Bett sitzen, wenn es gew\u00fcnscht wird<\/li>\n\n\n\n<li>beim Abschiednehmen Sterbenden und Angeh\u00f6rigen zur Seite stehen<\/li>\n\n\n\n<li>in der Trauer beistehen<\/li>\n\n\n\n<li>Sie bestimmen, welche Unterst\u00fctzung Sie ben\u00f6tigen<\/li>\n\n\n\n<li>wir richten uns nach Ihren Bed\u00fcrfnissen<\/li>\n\n\n\n<li>wir begleiten alle Menschen, egal welcher Konfession, Religion oder Nationalit\u00e4t<\/li>\n\n\n\n<li>die Begleitung ist kostenlos<\/li>\n\n\n\n<li>wir unterstehen der Schweigepflicht<\/li>\n<\/ul>\n\n\n\n<h2 class=\"wp-block-heading\"><b>Wir h\u00f6ren Schwerstkranken und Sterbenden, Angeh\u00f6rigen und Freunden zu<\/b><\/h2>\n\n\n\n<p><b>Zuh\u00f6ren<\/b> hei\u00dft f\u00fcr uns:<\/p>\n\n\n\n<ul class=\"wp-block-list\">\n<li>genau hinh\u00f6ren<\/li>\n\n\n\n<li>Bed\u00fcrfnisse, W\u00fcnsche, \u00c4ngste und Hoffnungen der Sterbenden, ihrer Angeh\u00f6rigen und Freunde wahrnehmen<\/li>\n\n\n\n<li>eigene Kraftquellen und Grenzen erkennen<\/li>\n\n\n\n<li>schweigen, wenn es angebracht ist<\/li>\n<\/ul>\n\n\n\n<h2 class=\"wp-block-heading\"><strong>Wir nehmen Schwerstkranke und Sterbende, Angeh\u00f6rige und Freunde in ihrem Dasein an<\/strong><\/h2>\n\n\n\n<p><b>Annehmen<\/b> hei\u00dft f\u00fcr uns:<\/p>\n\n\n\n<ul class=\"wp-block-list\">\n<li>Selbstbestimmung wahren<\/li>\n\n\n\n<li>Sterbende unterst\u00fctzen, dort sterben zu k\u00f6nnen, wo sie sich zu Hause f\u00fchlen<\/li>\n\n\n\n<li>Sterbende best\u00e4rken, ohne lebensverl\u00e4ngernde Ma\u00dfnahmen sterben zu k\u00f6nnen, wenn sie es w\u00fcnschen<\/li>\n\n\n\n<li>Sterbende in ihrem Wunsch nach Schmerzfreiheit unterst\u00fctzen<\/li>\n<\/ul>\n\n\n\n<h2 class=\"wp-block-heading\"><strong>Beratung und Begleitung Angeh\u00f6riger von lebensbedrohlich erkrankten Menschen<\/strong><\/h2>\n\n\n\n<p>Ansprechpartner sind unsere Koordinatorinnen <br>Maria Ermes-Soleymani und Christina Mertens<br>Tel. <strong>0160 99494056<\/strong><br>Mail: <a href=\"mailto:koordination-hospizarbeit@caritas-siegen.de\" target=\"_blank\" rel=\"noreferrer noopener\">koordination-hospizarbeit@caritas-siegen.de<\/a><\/p>\n\n\n\n<p>Herzlich eingeladen sind Angeh\u00f6rige zum Gespr\u00e4ch bei Kaffee und Geb\u00e4ck<br><strong>am ersten Mittwoch im Monat um 15 Uhr<\/strong> in der Numbachstr. 30 in Siegen<br>Die Treffen sind offen f\u00fcr alle und werden durch unsere Koordinatorinnen gestaltet und geleitet.<br><\/p>\n\n\n\n<p><\/p>\n","protected":false},"excerpt":{"rendered":"<p>Zuh\u00f6ren &#8211; Annehmen &#8211; Begleiten Begleiten hei\u00dft f\u00fcr uns: Wir h\u00f6ren Schwerstkranken und Sterbenden, Angeh\u00f6rigen und Freunden zu Zuh\u00f6ren hei\u00dft f\u00fcr uns: Wir nehmen Schwerstkranke und Sterbende, Angeh\u00f6rige und Freunde in ihrem Dasein an Annehmen hei\u00dft f\u00fcr uns: Beratung und<\/p>\n","protected":false},"author":2,"featured_media":0,"parent":15,"menu_order":0,"comment_status":"closed","ping_status":"closed","template":"","meta":{"_mc_calendar":[],"footnotes":""},"class_list":["post-32","page","type-page","status-publish","hentry"],"yoast_head":"<!-- This site is optimized with the Yoast SEO plugin v26.3 - https:\/\/yoast.com\/wordpress\/plugins\/seo\/ -->\n<title>Begleitung am Lebensende - hospizhilfe siegen<\/title>\n<meta name=\"robots\" content=\"index, follow, max-snippet:-1, max-image-preview:large, max-video-preview:-1\" \/>\n<link rel=\"canonical\" href=\"https:\/\/www.hospizhilfe-siegen.de\/?page_id=32\" \/>\n<meta property=\"og:locale\" content=\"de_DE\" \/>\n<meta property=\"og:type\" content=\"article\" \/>\n<meta property=\"og:title\" content=\"Begleitung am Lebensende - hospizhilfe siegen\" \/>\n<meta property=\"og:description\" content=\"Zuh\u00f6ren &#8211; Annehmen &#8211; Begleiten Begleiten hei\u00dft f\u00fcr uns: Wir h\u00f6ren Schwerstkranken und Sterbenden, Angeh\u00f6rigen und Freunden zu Zuh\u00f6ren hei\u00dft f\u00fcr uns: Wir nehmen Schwerstkranke und Sterbende, Angeh\u00f6rige und Freunde in ihrem Dasein an Annehmen hei\u00dft f\u00fcr uns: Beratung und\" \/>\n<meta property=\"og:url\" content=\"https:\/\/www.hospizhilfe-siegen.de\/?page_id=32\" \/>\n<meta property=\"og:site_name\" content=\"hospizhilfe siegen\" \/>\n<meta property=\"article:publisher\" content=\"https:\/\/www.facebook.com\/HospizhilfeSiegen\" \/>\n<meta property=\"article:modified_time\" content=\"2025-06-05T12:41:03+00:00\" \/>\n<meta property=\"og:image\" content=\"https:\/\/www.hospizhilfe-siegen.de\/wp-content\/uploads\/2017\/03\/wir.jpg\" \/>\n\t<meta property=\"og:image:width\" content=\"177\" \/>\n\t<meta property=\"og:image:height\" content=\"137\" \/>\n\t<meta property=\"og:image:type\" content=\"image\/jpeg\" \/>\n<meta name=\"twitter:card\" content=\"summary_large_image\" \/>\n<meta name=\"twitter:label1\" content=\"Gesch\u00e4tzte Lesezeit\" \/>\n\t<meta name=\"twitter:data1\" content=\"2\u00a0Minuten\" \/>\n<script type=\"application\/ld+json\" class=\"yoast-schema-graph\">{\"@context\":\"https:\/\/schema.org\",\"@graph\":[{\"@type\":\"WebPage\",\"@id\":\"https:\/\/www.hospizhilfe-siegen.de\/?page_id=32\",\"url\":\"https:\/\/www.hospizhilfe-siegen.de\/?page_id=32\",\"name\":\"Begleitung am Lebensende - hospizhilfe siegen\",\"isPartOf\":{\"@id\":\"https:\/\/www.hospizhilfe-siegen.de\/#website\"},\"primaryImageOfPage\":{\"@id\":\"https:\/\/www.hospizhilfe-siegen.de\/?page_id=32#primaryimage\"},\"image\":{\"@id\":\"https:\/\/www.hospizhilfe-siegen.de\/?page_id=32#primaryimage\"},\"thumbnailUrl\":\"https:\/\/www.hospizhilfe-siegen.de\/wp-content\/uploads\/2017\/03\/wir.jpg\",\"datePublished\":\"2017-03-06T11:22:04+00:00\",\"dateModified\":\"2025-06-05T12:41:03+00:00\",\"breadcrumb\":{\"@id\":\"https:\/\/www.hospizhilfe-siegen.de\/?page_id=32#breadcrumb\"},\"inLanguage\":\"de\",\"potentialAction\":[{\"@type\":\"ReadAction\",\"target\":[\"https:\/\/www.hospizhilfe-siegen.de\/?page_id=32\"]}]},{\"@type\":\"ImageObject\",\"inLanguage\":\"de\",\"@id\":\"https:\/\/www.hospizhilfe-siegen.de\/?page_id=32#primaryimage\",\"url\":\"https:\/\/www.hospizhilfe-siegen.de\/wp-content\/uploads\/2017\/03\/wir.jpg\",\"contentUrl\":\"https:\/\/www.hospizhilfe-siegen.de\/wp-content\/uploads\/2017\/03\/wir.jpg\",\"width\":177,\"height\":137,\"caption\":\"Ambulante \u00f6kumenische Hospizhilfe Siegen Icon Wir \u00fcber uns\"},{\"@type\":\"BreadcrumbList\",\"@id\":\"https:\/\/www.hospizhilfe-siegen.de\/?page_id=32#breadcrumb\",\"itemListElement\":[{\"@type\":\"ListItem\",\"position\":1,\"name\":\"Startseite\",\"item\":\"https:\/\/www.hospizhilfe-siegen.de\/\"},{\"@type\":\"ListItem\",\"position\":2,\"name\":\"f\u00fcr Betroffene\",\"item\":\"https:\/\/www.hospizhilfe-siegen.de\/?page_id=15\"},{\"@type\":\"ListItem\",\"position\":3,\"name\":\"Begleitung am Lebensende\"}]},{\"@type\":\"WebSite\",\"@id\":\"https:\/\/www.hospizhilfe-siegen.de\/#website\",\"url\":\"https:\/\/www.hospizhilfe-siegen.de\/\",\"name\":\"hospizhilfe siegen\",\"description\":\"\",\"publisher\":{\"@id\":\"https:\/\/www.hospizhilfe-siegen.de\/#organization\"},\"potentialAction\":[{\"@type\":\"SearchAction\",\"target\":{\"@type\":\"EntryPoint\",\"urlTemplate\":\"https:\/\/www.hospizhilfe-siegen.de\/?s={search_term_string}\"},\"query-input\":{\"@type\":\"PropertyValueSpecification\",\"valueRequired\":true,\"valueName\":\"search_term_string\"}}],\"inLanguage\":\"de\"},{\"@type\":\"Organization\",\"@id\":\"https:\/\/www.hospizhilfe-siegen.de\/#organization\",\"name\":\"Ambulante \u00f6kumenische Hospizhilfe Siegen e.V.\",\"url\":\"https:\/\/www.hospizhilfe-siegen.de\/\",\"logo\":{\"@type\":\"ImageObject\",\"inLanguage\":\"de\",\"@id\":\"https:\/\/www.hospizhilfe-siegen.de\/#\/schema\/logo\/image\/\",\"url\":\"https:\/\/www.hospizhilfe-siegen.de\/wp-content\/uploads\/2017\/03\/logo_400.jpg\",\"contentUrl\":\"https:\/\/www.hospizhilfe-siegen.de\/wp-content\/uploads\/2017\/03\/logo_400.jpg\",\"width\":407,\"height\":159,\"caption\":\"Ambulante \u00f6kumenische Hospizhilfe Siegen e.V.\"},\"image\":{\"@id\":\"https:\/\/www.hospizhilfe-siegen.de\/#\/schema\/logo\/image\/\"},\"sameAs\":[\"https:\/\/www.facebook.com\/HospizhilfeSiegen\"]}]}<\/script>\n<!-- \/ Yoast SEO plugin. -->","yoast_head_json":{"title":"Begleitung am Lebensende - hospizhilfe siegen","robots":{"index":"index","follow":"follow","max-snippet":"max-snippet:-1","max-image-preview":"max-image-preview:large","max-video-preview":"max-video-preview:-1"},"canonical":"https:\/\/www.hospizhilfe-siegen.de\/?page_id=32","og_locale":"de_DE","og_type":"article","og_title":"Begleitung am Lebensende - hospizhilfe siegen","og_description":"Zuh\u00f6ren &#8211; Annehmen &#8211; Begleiten Begleiten hei\u00dft f\u00fcr uns: Wir h\u00f6ren Schwerstkranken und Sterbenden, Angeh\u00f6rigen und Freunden zu Zuh\u00f6ren hei\u00dft f\u00fcr uns: Wir nehmen Schwerstkranke und Sterbende, Angeh\u00f6rige und Freunde in ihrem Dasein an Annehmen hei\u00dft f\u00fcr uns: Beratung und","og_url":"https:\/\/www.hospizhilfe-siegen.de\/?page_id=32","og_site_name":"hospizhilfe siegen","article_publisher":"https:\/\/www.facebook.com\/HospizhilfeSiegen","article_modified_time":"2025-06-05T12:41:03+00:00","og_image":[{"width":177,"height":137,"url":"https:\/\/www.hospizhilfe-siegen.de\/wp-content\/uploads\/2017\/03\/wir.jpg","type":"image\/jpeg"}],"twitter_card":"summary_large_image","twitter_misc":{"Gesch\u00e4tzte Lesezeit":"2\u00a0Minuten"},"schema":{"@context":"https:\/\/schema.org","@graph":[{"@type":"WebPage","@id":"https:\/\/www.hospizhilfe-siegen.de\/?page_id=32","url":"https:\/\/www.hospizhilfe-siegen.de\/?page_id=32","name":"Begleitung am Lebensende - hospizhilfe siegen","isPartOf":{"@id":"https:\/\/www.hospizhilfe-siegen.de\/#website"},"primaryImageOfPage":{"@id":"https:\/\/www.hospizhilfe-siegen.de\/?page_id=32#primaryimage"},"image":{"@id":"https:\/\/www.hospizhilfe-siegen.de\/?page_id=32#primaryimage"},"thumbnailUrl":"https:\/\/www.hospizhilfe-siegen.de\/wp-content\/uploads\/2017\/03\/wir.jpg","datePublished":"2017-03-06T11:22:04+00:00","dateModified":"2025-06-05T12:41:03+00:00","breadcrumb":{"@id":"https:\/\/www.hospizhilfe-siegen.de\/?page_id=32#breadcrumb"},"inLanguage":"de","potentialAction":[{"@type":"ReadAction","target":["https:\/\/www.hospizhilfe-siegen.de\/?page_id=32"]}]},{"@type":"ImageObject","inLanguage":"de","@id":"https:\/\/www.hospizhilfe-siegen.de\/?page_id=32#primaryimage","url":"https:\/\/www.hospizhilfe-siegen.de\/wp-content\/uploads\/2017\/03\/wir.jpg","contentUrl":"https:\/\/www.hospizhilfe-siegen.de\/wp-content\/uploads\/2017\/03\/wir.jpg","width":177,"height":137,"caption":"Ambulante \u00f6kumenische Hospizhilfe Siegen Icon Wir \u00fcber uns"},{"@type":"BreadcrumbList","@id":"https:\/\/www.hospizhilfe-siegen.de\/?page_id=32#breadcrumb","itemListElement":[{"@type":"ListItem","position":1,"name":"Startseite","item":"https:\/\/www.hospizhilfe-siegen.de\/"},{"@type":"ListItem","position":2,"name":"f\u00fcr Betroffene","item":"https:\/\/www.hospizhilfe-siegen.de\/?page_id=15"},{"@type":"ListItem","position":3,"name":"Begleitung am Lebensende"}]},{"@type":"WebSite","@id":"https:\/\/www.hospizhilfe-siegen.de\/#website","url":"https:\/\/www.hospizhilfe-siegen.de\/","name":"hospizhilfe siegen","description":"","publisher":{"@id":"https:\/\/www.hospizhilfe-siegen.de\/#organization"},"potentialAction":[{"@type":"SearchAction","target":{"@type":"EntryPoint","urlTemplate":"https:\/\/www.hospizhilfe-siegen.de\/?s={search_term_string}"},"query-input":{"@type":"PropertyValueSpecification","valueRequired":true,"valueName":"search_term_string"}}],"inLanguage":"de"},{"@type":"Organization","@id":"https:\/\/www.hospizhilfe-siegen.de\/#organization","name":"Ambulante \u00f6kumenische Hospizhilfe Siegen e.V.","url":"https:\/\/www.hospizhilfe-siegen.de\/","logo":{"@type":"ImageObject","inLanguage":"de","@id":"https:\/\/www.hospizhilfe-siegen.de\/#\/schema\/logo\/image\/","url":"https:\/\/www.hospizhilfe-siegen.de\/wp-content\/uploads\/2017\/03\/logo_400.jpg","contentUrl":"https:\/\/www.hospizhilfe-siegen.de\/wp-content\/uploads\/2017\/03\/logo_400.jpg","width":407,"height":159,"caption":"Ambulante \u00f6kumenische Hospizhilfe Siegen e.V."},"image":{"@id":"https:\/\/www.hospizhilfe-siegen.de\/#\/schema\/logo\/image\/"},"sameAs":["https:\/\/www.facebook.com\/HospizhilfeSiegen"]}]}},"_links":{"self":[{"href":"https:\/\/www.hospizhilfe-siegen.de\/index.php?rest_route=\/wp\/v2\/pages\/32","targetHints":{"allow":["GET"]}}],"collection":[{"href":"https:\/\/www.hospizhilfe-siegen.de\/index.php?rest_route=\/wp\/v2\/pages"}],"about":[{"href":"https:\/\/www.hospizhilfe-siegen.de\/index.php?rest_route=\/wp\/v2\/types\/page"}],"author":[{"embeddable":true,"href":"https:\/\/www.hospizhilfe-siegen.de\/index.php?rest_route=\/wp\/v2\/users\/2"}],"replies":[{"embeddable":true,"href":"https:\/\/www.hospizhilfe-siegen.de\/index.php?rest_route=%2Fwp%2Fv2%2Fcomments&post=32"}],"version-history":[{"count":30,"href":"https:\/\/www.hospizhilfe-siegen.de\/index.php?rest_route=\/wp\/v2\/pages\/32\/revisions"}],"predecessor-version":[{"id":3845,"href":"https:\/\/www.hospizhilfe-siegen.de\/index.php?rest_route=\/wp\/v2\/pages\/32\/revisions\/3845"}],"up":[{"embeddable":true,"href":"https:\/\/www.hospizhilfe-siegen.de\/index.php?rest_route=\/wp\/v2\/pages\/15"}],"wp:attachment":[{"href":"https:\/\/www.hospizhilfe-siegen.de\/index.php?rest_route=%2Fwp%2Fv2%2Fmedia&parent=32"}],"curies":[{"name":"wp","href":"https:\/\/api.w.org\/{rel}","templated":true}]}}