{"id":655,"date":"2017-10-25T08:43:15","date_gmt":"2017-10-25T08:43:15","guid":{"rendered":"https:\/\/www.hospizhilfe-siegen.de\/?page_id=655"},"modified":"2020-06-17T09:58:56","modified_gmt":"2020-06-17T09:58:56","slug":"10-jaehr-jubilaeum","status":"publish","type":"page","link":"https:\/\/www.hospizhilfe-siegen.de\/?page_id=655","title":{"rendered":"10 j\u00e4hriges Jubil\u00e4um mit Klaus Kayser"},"content":{"rendered":"\n<h4 class=\"wp-block-heading\">10 Jahre Sterbebegleitung in Siegen<\/h4>\n\n\n\n<p>Die Ambulante \u00f6kumenische Hospizhilfe Siegen e.V. feiert Jubil\u00e4um<\/p>\n\n\n\n<p>\u201eWir sind bereits einen langen Weg in der Geschichte der Hospizbewegung mitgegangen.\u201c Mit diesen Worten begr\u00fc\u00dfte Gerrit Ebener-Greis, die 1. Vorsitzende der Ambulanten \u00f6kumenischen Hospizhilfe Siegen e.V. das Publikum zum 10-j\u00e4hrigen Jubil\u00e4um. Rund 100 geladene G\u00e4ste kamen zur Feierstunde der \u00e4ltesten Hospizinitiative im Kreis Siegen-Wittgenstein ins St. Marien-Krankenhaus.<\/p>\n\n\n\n<p>In den Gru\u00dfworten von Pfarrer Wolfgang Winkelmann, Aufsichtsratsmitglied des St. Marien-Krankenhauses und Vertreter der katholischen Kirche, des B\u00fcrgermeisters der Stadt Siegen, Ulf St\u00f6tzel, der Synodalassessorin Pfarrerin Annette Kurschus des ev. Kirchenkreises Siegen und von Hubert Berschauer, Vorsitzender des Caritasverbandes Siegen-Wittgenstein wurde die Bedeutung des ehrenamtlichen Engagements dieses wichtigen Angebotes f\u00fcr die Bev\u00f6lkerung der Stadt Siegen und Umgebung hervorgehoben.<\/p>\n\n\n\n<p>\u201eMit einer Gruppe von drei Frauen haben wir damals die Arbeit begonnen. Heute gibt es mittlerweile drei\u00dfig Ehrenamtliche, die sterbenden Menschen zuhause beistehen\u201c, res\u00fcmierte Dr. Hans G\u00fcnter Scheuer in seinem Vortrag zur Geschichte der Hospizhilfe. Seit zehn Jahren werden Ehrenamtliche f\u00fcr die Begleitung von Sterbenden und deren Angeh\u00f6rigen ausgebildet. Die Idee zur Ambulanten \u00f6kumenischen Hospizhilfe Siegen hatten 1994 zwei Pfarrer, Reinhold Lieske, fr\u00fcherer Pastor in der ev. Nikolaikirchengemeinde und der ev. Krankenhausseelsorger des St. Marien-Krankenhauses, Dr. Hans G\u00fcnter Scheuer.<\/p>\n\n\n\n<p>Die Begleitung orientiert sich an den W\u00fcnschen und Bed\u00fcrfnissen des Sterbenden und seinen Angeh\u00f6rigen. Diese stehen im Vordergrund der Begleitung und nicht weltanschauliche oder religi\u00f6se Anliegen. F\u00fcr die Mitarbeiterinnen und Mitarbeiter der Hospizhilfe selbst ist der christliche Glaube ein wichtiges Fundament in ihrer t\u00e4glichen Arbeit. Wichtig dabei ist das \u00f6kumenische Grundprinzip, das schon im Vereinsnamen zum Ausdruck kommt. \u201eVon Beginn an versteht sich die Hospizhilfe als \u00f6kumenisch und vereint somit die evangelischen und katholischen Christen im Dienst am N\u00e4chsten\u201c, so Dr. Scheuer weiter.<\/p>\n\n\n\n<p>Im Anschluss zeigte Dr. Klaus Kayser, Vorstandsmitglied der Arbeitsgemeinschaft Hospizbewegung f\u00fcr das Erzbistum Paderborn, in seinem Vortrag dem interessierten Publikum \u201eWege aus der Sprachlosigkeit\u201c auf. Anhand von Bildern, Musik oder Gedichten gelingt es, hilfreiche Begegnungen mit Sterbenden auch dort herzustellen, wo die normale Sprache versagt. \u201eIn einer Gesellschaft, in der aus unterschiedlichen Gr\u00fcnden Worte vielfach nicht mehr taugen, Wesentliches, von Herzen Kommendes zu \u00fcbermitteln, k\u00f6nnen Musik, Poesie und Bilder Begegnungsm\u00f6glichkeiten er\u00f6ffnen, Wege zu gemeinsamen Erleben bieten, die mit den \u00fcblichen Verst\u00e4ndigungsmitteln kaum noch gelingen\u201c, so Dr. Kayser.<\/p>\n\n\n<h2>Unser 10-j\u00e4hriges Jubil\u00e4um<\/h2>\n<p><b>Bilder und Texte zum 10-j\u00e4hrigen Jubil\u00e4um (1994-2004)<br>\nf\u00fcr all diejenigen, die nicht dabei sein konnten.<\/b><\/p>\n<p><b>Der Anfang<\/b><\/p>\n<p><img loading=\"lazy\" decoding=\"async\" class=\"alignnone size-full wp-image-657\" src=\"https:\/\/www.hospizhilfe-siegen.de\/wp-content\/uploads\/2017\/10\/Jubilaum-Anfang31.jpg\" alt=\"Hospitzhilfe Siegen 10 j\u00e4hriges Jubil\u00e4um\" width=\"324\" height=\"243\" srcset=\"https:\/\/www.hospizhilfe-siegen.de\/wp-content\/uploads\/2017\/10\/Jubilaum-Anfang31.jpg 324w, https:\/\/www.hospizhilfe-siegen.de\/wp-content\/uploads\/2017\/10\/Jubilaum-Anfang31-300x225.jpg 300w\" sizes=\"auto, (max-width: 324px) 100vw, 324px\" \/> <img loading=\"lazy\" decoding=\"async\" class=\"alignnone size-full wp-image-656\" src=\"https:\/\/www.hospizhilfe-siegen.de\/wp-content\/uploads\/2017\/10\/Jubilaum-Anfang11.jpg\" alt=\"Hospitzhilfe Siegen 10 j\u00e4hriges Jubil\u00e4um\" width=\"324\" height=\"243\" srcset=\"https:\/\/www.hospizhilfe-siegen.de\/wp-content\/uploads\/2017\/10\/Jubilaum-Anfang11.jpg 324w, https:\/\/www.hospizhilfe-siegen.de\/wp-content\/uploads\/2017\/10\/Jubilaum-Anfang11-300x225.jpg 300w\" sizes=\"auto, (max-width: 324px) 100vw, 324px\" \/><\/p>\n<p>Alles ist vorbereitet,&nbsp;&nbsp;&nbsp;&nbsp;&nbsp;&nbsp;&nbsp;&nbsp;&nbsp;&nbsp;&nbsp;&nbsp;&nbsp;&nbsp;&nbsp;&nbsp;&nbsp;&nbsp;&nbsp;&nbsp;&nbsp;&nbsp;&nbsp;&nbsp;&nbsp;&nbsp;&nbsp;&nbsp;&nbsp;&nbsp;&nbsp;&nbsp;&nbsp;&nbsp;&nbsp;&nbsp;&nbsp;&nbsp;&nbsp;&nbsp;&nbsp;&nbsp;&nbsp;&nbsp;&nbsp;&nbsp;&nbsp;&nbsp;&nbsp;&nbsp;&nbsp;&nbsp;&nbsp; Haben wir auch an alles gedacht?<br>\ndie G\u00e4ste k\u00f6nnen kommen.<br>\nHoffentlich klappt alles.<\/p>\n<p><img loading=\"lazy\" decoding=\"async\" class=\"alignnone size-full wp-image-658\" src=\"https:\/\/www.hospizhilfe-siegen.de\/wp-content\/uploads\/2017\/10\/Jubilaum-Anfang21.jpg\" alt=\"\" width=\"272\" height=\"298\">&nbsp;<img loading=\"lazy\" decoding=\"async\" class=\"alignnone wp-image-659\" src=\"https:\/\/www.hospizhilfe-siegen.de\/wp-content\/uploads\/2017\/10\/Jubilaum-Zuhorergross1.jpg\" alt=\"Hospitzhilfe Siegen 10 j\u00e4hriges Jubil\u00e4um\" width=\"421\" height=\"298\" srcset=\"https:\/\/www.hospizhilfe-siegen.de\/wp-content\/uploads\/2017\/10\/Jubilaum-Zuhorergross1.jpg 466w, https:\/\/www.hospizhilfe-siegen.de\/wp-content\/uploads\/2017\/10\/Jubilaum-Zuhorergross1-300x212.jpg 300w\" sizes=\"auto, (max-width: 421px) 100vw, 421px\" \/><\/p>\n<p>Unser Paar der ersten Stunde&nbsp;&nbsp;&nbsp;&nbsp;&nbsp;&nbsp;&nbsp;&nbsp;&nbsp;&nbsp;&nbsp;&nbsp;&nbsp;&nbsp;&nbsp;&nbsp;&nbsp;&nbsp;&nbsp;&nbsp;&nbsp;&nbsp; Die G\u00e4ste sind gekommen, es kann losgehen<br>\nMarlies Steinbr\u00fcck und<br>\nHans G\u00fcnter Scheuer<br>\nSind sie nicht schick?<\/p>\n<p><b>1.Teil<\/b><\/p>\n<figure id=\"attachment_660\" aria-describedby=\"caption-attachment-660\" style=\"width: 158px\" class=\"wp-caption alignnone\"><img loading=\"lazy\" decoding=\"async\" class=\"wp-image-660\" src=\"https:\/\/www.hospizhilfe-siegen.de\/wp-content\/uploads\/2017\/10\/Jubilaum-Gerrit1.jpg\" alt=\"Hospitzhilfe Siegen 10 j\u00e4hriges Jubil\u00e4um\" width=\"158\" height=\"218\"><figcaption id=\"caption-attachment-660\" class=\"wp-caption-text\">Unsere 1. Vorsitzende Gerrit Ebener-Greis<\/figcaption><\/figure>\n<p>Sie er\u00f6ffnete die Jubil\u00e4umsfeier und begr\u00fc\u00dfte alle G\u00e4ste, insbesondere die Vertreter aus Politik, Kirche, Krankenhausverwaltung und Sozialer Einrichtungen. <i>\u201dUnsere oberste Aufgabe ist es, die W\u00fcrde des individuellen Menschen zu erhalten und ihm ein Sterben zu Hause zu erm\u00f6glichen.\u201d<\/i><\/p>\n<figure id=\"attachment_661\" aria-describedby=\"caption-attachment-661\" style=\"width: 171px\" class=\"wp-caption alignnone\"><img loading=\"lazy\" decoding=\"async\" class=\"wp-image-661 size-full\" src=\"https:\/\/www.hospizhilfe-siegen.de\/wp-content\/uploads\/2017\/10\/Jubilaum-Stotzel1.jpg\" alt=\"\" width=\"171\" height=\"217\"><figcaption id=\"caption-attachment-661\" class=\"wp-caption-text\">B\u00fcrgermeister Ulf St\u00f6tzel<\/figcaption><\/figure>\n<p>Ihm war es ein pers\u00f6nliches Anliegen, die Gl\u00fcckw\u00fcnsche der Stadt Siegen zu \u00fcberbringen.<\/p>\n<figure id=\"attachment_665\" aria-describedby=\"caption-attachment-665\" style=\"width: 193px\" class=\"wp-caption alignnone\"><img loading=\"lazy\" decoding=\"async\" class=\"wp-image-665 size-full\" src=\"https:\/\/www.hospizhilfe-siegen.de\/wp-content\/uploads\/2017\/10\/a_Jubilaum-Winkelmann1.jpg\" alt=\"Hospitzhilfe Siegen 10 j\u00e4hriges Jubil\u00e4um\" width=\"193\" height=\"225\"><figcaption id=\"caption-attachment-665\" class=\"wp-caption-text\">Pfarrer Wolfgang Winkelmann Aufsichtsrat des St.Marien-Krankenhauses<\/figcaption><\/figure>\n<p>F\u00fcr Pfarrer Winkelmann ist der christliche Glaube eine Kraftquelle im Angesicht von Sterben und Tod. Er verwies auf die enge Beziehung und die gute Zusammenarbeit&nbsp; zwischen der ambulanten Hospizhilfe, den Pflegeheimen und dem St.Marien-Krankenhaus hin.<\/p>\n<figure id=\"attachment_666\" aria-describedby=\"caption-attachment-666\" style=\"width: 213px\" class=\"wp-caption alignnone\"><img loading=\"lazy\" decoding=\"async\" class=\"wp-image-666 size-full\" src=\"https:\/\/www.hospizhilfe-siegen.de\/wp-content\/uploads\/2017\/10\/Jubilaum-Berschauer1.jpg\" alt=\"Hospitzhilfe Siegen 10 j\u00e4hriges Jubil\u00e4um\" width=\"213\" height=\"290\"><figcaption id=\"caption-attachment-666\" class=\"wp-caption-text\">Hubert Berschauer, Vorsitzender des Caritasverbandes Siegen-Wittgenstein e.V.<\/figcaption><\/figure>\n<p>Herr Berschauer verdeutlichte in seiner Rede, dass die Arbeit der Hospizhilfe gewisserma\u00dfen ein Kontrastprogramm zum gesellschaftlichen Umbruch ist, denn f\u00fcr sie gilt: \u201d<i>Nicht durch die Hand eines Menschen, sondern an der Hand eines Menschen sterben.\u201d<\/i><\/p>\n<figure id=\"attachment_667\" aria-describedby=\"caption-attachment-667\" style=\"width: 199px\" class=\"wp-caption alignnone\"><img loading=\"lazy\" decoding=\"async\" class=\"wp-image-667 size-full\" src=\"https:\/\/www.hospizhilfe-siegen.de\/wp-content\/uploads\/2017\/10\/Jubilaum-Kurschus1.jpg\" alt=\"Hospitzhilfe Siegen 10 j\u00e4hriges Jubil\u00e4um\" width=\"199\" height=\"284\"><figcaption id=\"caption-attachment-667\" class=\"wp-caption-text\">Pfarrerin Frau Annette Kurschus vom evangelischen Kirchenkreis Siegen<\/figcaption><\/figure>\n<p>Ein dickes Lob f\u00fcr alle ehrenamtlichen HospizhelferInnen <i>\u201dIch habe Hochachtung vor Menschen, die da bleiben, nicht weglaufen und bis an die Grenzen ihrer eigenen Belastbarkeit gehen\u201d<\/i><\/p>\n<figure id=\"attachment_668\" aria-describedby=\"caption-attachment-668\" style=\"width: 293px\" class=\"wp-caption alignnone\"><img loading=\"lazy\" decoding=\"async\" class=\"size-full wp-image-668\" src=\"https:\/\/www.hospizhilfe-siegen.de\/wp-content\/uploads\/2017\/10\/Jubilaum-Scheuer1.jpg\" alt=\"Hospitzhilfe Siegen 10 j\u00e4hriges Jubil\u00e4um\" width=\"293\" height=\"256\"><figcaption id=\"caption-attachment-668\" class=\"wp-caption-text\">Dr. Hans G\u00fcnter Scheuer Gr\u00fcnder und Vorstandsmitglied<\/figcaption><\/figure>\n<p>Er brachte als symbolische Zeichen 3 Steine aus der Hospiz-Schatztruhe mit, die f\u00fcr ihn die Eckpfeiler unserer ambulanten Hospizarbeit sind <i>MUT, VERTRAUEN <\/i>und <i>ACHTSAMKEIT.<\/i><\/p>\n<p><b>Pause<\/b><\/p>\n<p>F\u00fcr das leibliche Wohl unserer G\u00e4ste war bestens gesorgt , denn die K\u00fcche des&nbsp; St.Marien-Krankenhauses servierte uns ein f\u00fcr das Auge und den Gaumen tolles Buffet.<\/p>\n<div id='gallery-1' class='gallery galleryid-655 gallery-columns-5 gallery-size-medium'><figure class='gallery-item'>\n\t\t\t<div class='gallery-icon portrait'>\n\t\t\t\t<img loading=\"lazy\" decoding=\"async\" width=\"215\" height=\"300\" src=\"https:\/\/www.hospizhilfe-siegen.de\/wp-content\/uploads\/2017\/10\/Jubilaum-Pause11-215x300.jpg\" class=\"attachment-medium size-medium\" alt=\"Hospitzhilfe Siegen 10 j\u00e4hriges Jubil\u00e4um\" srcset=\"https:\/\/www.hospizhilfe-siegen.de\/wp-content\/uploads\/2017\/10\/Jubilaum-Pause11-215x300.jpg 215w, https:\/\/www.hospizhilfe-siegen.de\/wp-content\/uploads\/2017\/10\/Jubilaum-Pause11.jpg 272w\" sizes=\"auto, (max-width: 215px) 100vw, 215px\" \/>\n\t\t\t<\/div><\/figure><figure class='gallery-item'>\n\t\t\t<div class='gallery-icon landscape'>\n\t\t\t\t<img loading=\"lazy\" decoding=\"async\" width=\"300\" height=\"257\" src=\"https:\/\/www.hospizhilfe-siegen.de\/wp-content\/uploads\/2017\/10\/Jubilaum-Pause21-300x257.jpg\" class=\"attachment-medium size-medium\" alt=\"Hospitzhilfe Siegen 10 j\u00e4hriges Jubil\u00e4um\" srcset=\"https:\/\/www.hospizhilfe-siegen.de\/wp-content\/uploads\/2017\/10\/Jubilaum-Pause21-300x257.jpg 300w, https:\/\/www.hospizhilfe-siegen.de\/wp-content\/uploads\/2017\/10\/Jubilaum-Pause21.jpg 315w\" sizes=\"auto, (max-width: 300px) 100vw, 300px\" \/>\n\t\t\t<\/div><\/figure><figure class='gallery-item'>\n\t\t\t<div class='gallery-icon landscape'>\n\t\t\t\t<img loading=\"lazy\" decoding=\"async\" width=\"300\" height=\"212\" src=\"https:\/\/www.hospizhilfe-siegen.de\/wp-content\/uploads\/2017\/10\/Jubilaum-Pause41-300x212.jpg\" class=\"attachment-medium size-medium\" alt=\"Hospitzhilfe Siegen 10 j\u00e4hriges Jubil\u00e4um\" srcset=\"https:\/\/www.hospizhilfe-siegen.de\/wp-content\/uploads\/2017\/10\/Jubilaum-Pause41-300x212.jpg 300w, https:\/\/www.hospizhilfe-siegen.de\/wp-content\/uploads\/2017\/10\/Jubilaum-Pause41.jpg 350w\" sizes=\"auto, (max-width: 300px) 100vw, 300px\" \/>\n\t\t\t<\/div><\/figure><figure class='gallery-item'>\n\t\t\t<div class='gallery-icon landscape'>\n\t\t\t\t<img loading=\"lazy\" decoding=\"async\" width=\"300\" height=\"218\" src=\"https:\/\/www.hospizhilfe-siegen.de\/wp-content\/uploads\/2017\/10\/a_Jubil_um-Pause51-300x218.jpg\" class=\"attachment-medium size-medium\" alt=\"Hospitzhilfe Siegen 10 j\u00e4hriges Jubil\u00e4um\" srcset=\"https:\/\/www.hospizhilfe-siegen.de\/wp-content\/uploads\/2017\/10\/a_Jubil_um-Pause51-300x218.jpg 300w, https:\/\/www.hospizhilfe-siegen.de\/wp-content\/uploads\/2017\/10\/a_Jubil_um-Pause51.jpg 303w\" sizes=\"auto, (max-width: 300px) 100vw, 300px\" \/>\n\t\t\t<\/div><\/figure><figure class='gallery-item'>\n\t\t\t<div class='gallery-icon landscape'>\n\t\t\t\t<img loading=\"lazy\" decoding=\"async\" width=\"280\" height=\"221\" src=\"https:\/\/www.hospizhilfe-siegen.de\/wp-content\/uploads\/2017\/10\/a_Jubil_um-Pause31.jpg\" class=\"attachment-medium size-medium\" alt=\"Hospitzhilfe Siegen 10 j\u00e4hriges Jubil\u00e4um\" \/>\n\t\t\t<\/div><\/figure>\n\t\t<\/div>\n\n<p>Die angeregten Diskussionen unserer G\u00e4ste in der Pause, lassen das Interesse und die Bedeutung unserer ambulanten Hospizarbeit in den letzten 10 Jahren erkennen.<\/p>\n<p><strong>2. Teil<\/strong><\/p>\n<p><b>\u201dWege aus der Sprachlosigkeit\u201d<\/b><b><br>\n<\/b>Mediengest\u00fctzter Vortrag von Herrn Klaus Kayser, Vorstandsmitglied der Arbeitsgemeinschaft Hospizbewegung f\u00fcr das Erzbistum Paderborn<\/p>\n<p><img loading=\"lazy\" decoding=\"async\" class=\"alignnone size-full wp-image-675\" src=\"https:\/\/www.hospizhilfe-siegen.de\/wp-content\/uploads\/2017\/10\/Jubilaum-Kayser11.jpg\" alt=\"Hospitzhilfe Siegen 10 j\u00e4hriges Jubil\u00e4um\" width=\"265\" height=\"327\" srcset=\"https:\/\/www.hospizhilfe-siegen.de\/wp-content\/uploads\/2017\/10\/Jubilaum-Kayser11.jpg 265w, https:\/\/www.hospizhilfe-siegen.de\/wp-content\/uploads\/2017\/10\/Jubilaum-Kayser11-243x300.jpg 243w\" sizes=\"auto, (max-width: 265px) 100vw, 265px\" \/>&nbsp; <img loading=\"lazy\" decoding=\"async\" class=\"alignnone size-full wp-image-676\" src=\"https:\/\/www.hospizhilfe-siegen.de\/wp-content\/uploads\/2017\/10\/a_Jubil_um-Kayser-Bild51.jpg\" alt=\"Hospitzhilfe Siegen 10 j\u00e4hriges Jubil\u00e4um\" width=\"278\" height=\"328\" srcset=\"https:\/\/www.hospizhilfe-siegen.de\/wp-content\/uploads\/2017\/10\/a_Jubil_um-Kayser-Bild51.jpg 278w, https:\/\/www.hospizhilfe-siegen.de\/wp-content\/uploads\/2017\/10\/a_Jubil_um-Kayser-Bild51-254x300.jpg 254w\" sizes=\"auto, (max-width: 278px) 100vw, 278px\" \/><\/p>\n<p>KUNST, POESIE UND MUSIK sind Wege aus der Sprachlosigkeit.<br>\nIn einem sehr bewegenden Vortrag, unterlegt mit Bildern von Arbeiten der Bildhauerin K\u00e4the Kollwitz,&nbsp; mit Texten von R. M. Rilke und Musik von Vivaldi u.a. wurden die Zuh\u00f6rer angeregt, \u00fcber ihre eigene Sterblichkeit ein wenig nachzusinnen und dabei vielleicht zu sp\u00fcren, ob beim Betrachten des einen oder anderen Bildes, beim H\u00f6ren des einen oder anderen Textes, oder des einen oder anderen Musikst\u00fcckes, ein Augenblick da ist,&nbsp; wo anstelle der sonst vorherrschenden Sprachlosigkeit, im Angesicht von Sterben und Tod, doch ein wenig&nbsp; Zuversicht, Vertrauen und Hoffnung wachsen kann.<\/p>\n<div id='gallery-2' class='gallery galleryid-655 gallery-columns-4 gallery-size-full'><figure class='gallery-item'>\n\t\t\t<div class='gallery-icon portrait'>\n\t\t\t\t<img loading=\"lazy\" decoding=\"async\" width=\"240\" height=\"259\" src=\"https:\/\/www.hospizhilfe-siegen.de\/wp-content\/uploads\/2017\/10\/a_Jubil_um-Kasyser-Bild11.jpg\" class=\"attachment-full size-full\" alt=\"Hospitzhilfe Siegen 10 j\u00e4hriges Jubil\u00e4um\" \/>\n\t\t\t<\/div><\/figure><figure class='gallery-item'>\n\t\t\t<div class='gallery-icon landscape'>\n\t\t\t\t<img loading=\"lazy\" decoding=\"async\" width=\"267\" height=\"258\" src=\"https:\/\/www.hospizhilfe-siegen.de\/wp-content\/uploads\/2017\/10\/Jubilaum-Kayser-Bild41.jpg\" class=\"attachment-full size-full\" alt=\"Hospitzhilfe Siegen 10 j\u00e4hriges Jubil\u00e4um\" \/>\n\t\t\t<\/div><\/figure><figure class='gallery-item'>\n\t\t\t<div class='gallery-icon portrait'>\n\t\t\t\t<img loading=\"lazy\" decoding=\"async\" width=\"222\" height=\"236\" src=\"https:\/\/www.hospizhilfe-siegen.de\/wp-content\/uploads\/2017\/10\/a_Jubil_um-Kayser-Bild31.jpg\" class=\"attachment-full size-full\" alt=\"Hospitzhilfe Siegen 10 j\u00e4hriges Jubil\u00e4um\" \/>\n\t\t\t<\/div><\/figure><figure class='gallery-item'>\n\t\t\t<div class='gallery-icon landscape'>\n\t\t\t\t<img loading=\"lazy\" decoding=\"async\" width=\"274\" height=\"236\" src=\"https:\/\/www.hospizhilfe-siegen.de\/wp-content\/uploads\/2017\/10\/Jubilaum-Kayser-Bild21.jpg\" class=\"attachment-full size-full\" alt=\"Hospitzhilfe Siegen 10 j\u00e4hriges Jubil\u00e4um\" \/>\n\t\t\t<\/div><\/figure>\n\t\t<\/div>\n\n<p><b>Ende der Veranstaltung um 17.00 Uhr<\/b><\/p>\n<p><img loading=\"lazy\" decoding=\"async\" class=\"alignnone size-full wp-image-685\" src=\"https:\/\/www.hospizhilfe-siegen.de\/wp-content\/uploads\/2017\/10\/Jubilaum-Ende1.jpg\" alt=\"Hospitzhilfe Siegen 10 j\u00e4hriges Jubil\u00e4um\" width=\"360\" height=\"270\" srcset=\"https:\/\/www.hospizhilfe-siegen.de\/wp-content\/uploads\/2017\/10\/Jubilaum-Ende1.jpg 360w, https:\/\/www.hospizhilfe-siegen.de\/wp-content\/uploads\/2017\/10\/Jubilaum-Ende1-300x225.jpg 300w\" sizes=\"auto, (max-width: 360px) 100vw, 360px\" \/><\/p>\n<p>Eine gelungene Veranstaltung ist zu Ende. Es hat alles prima geklappt. Ein herzliches Dankesch\u00f6n an Schwester Reinharda vom St.Marien-Krankenhaus f\u00fcr die Unterst\u00fctzung bei der Vorbereitung und die tolle Gastfreundschaft. Wir kommen gerne wieder !<\/p>","protected":false},"excerpt":{"rendered":"<p>10 Jahre Sterbebegleitung in Siegen Die Ambulante \u00f6kumenische Hospizhilfe Siegen e.V. feiert Jubil\u00e4um \u201eWir sind bereits einen langen Weg in der Geschichte der Hospizbewegung mitgegangen.\u201c Mit diesen Worten begr\u00fc\u00dfte Gerrit Ebener-Greis, die 1. Vorsitzende der Ambulanten \u00f6kumenischen Hospizhilfe Siegen e.V.<\/p>\n","protected":false},"author":2,"featured_media":0,"parent":219,"menu_order":0,"comment_status":"closed","ping_status":"closed","template":"","meta":{"_mc_calendar":[],"footnotes":""},"class_list":["post-655","page","type-page","status-publish","hentry"],"yoast_head":"<!-- This site is optimized with the Yoast SEO plugin v26.3 - https:\/\/yoast.com\/wordpress\/plugins\/seo\/ -->\n<title>10 j\u00e4hriges Jubil\u00e4um mit Klaus Kayser - hospizhilfe siegen<\/title>\n<meta name=\"robots\" content=\"index, follow, max-snippet:-1, max-image-preview:large, max-video-preview:-1\" \/>\n<link rel=\"canonical\" href=\"https:\/\/www.hospizhilfe-siegen.de\/?page_id=655\" \/>\n<meta property=\"og:locale\" content=\"de_DE\" \/>\n<meta property=\"og:type\" content=\"article\" \/>\n<meta property=\"og:title\" content=\"10 j\u00e4hriges Jubil\u00e4um mit Klaus Kayser - hospizhilfe siegen\" \/>\n<meta property=\"og:description\" content=\"10 Jahre Sterbebegleitung in Siegen Die Ambulante \u00f6kumenische Hospizhilfe Siegen e.V. feiert Jubil\u00e4um \u201eWir sind bereits einen langen Weg in der Geschichte der Hospizbewegung mitgegangen.\u201c Mit diesen Worten begr\u00fc\u00dfte Gerrit Ebener-Greis, die 1. Vorsitzende der Ambulanten \u00f6kumenischen Hospizhilfe Siegen e.V.\" \/>\n<meta property=\"og:url\" content=\"https:\/\/www.hospizhilfe-siegen.de\/?page_id=655\" \/>\n<meta property=\"og:site_name\" content=\"hospizhilfe siegen\" \/>\n<meta property=\"article:publisher\" content=\"https:\/\/www.facebook.com\/HospizhilfeSiegen\" \/>\n<meta property=\"article:modified_time\" content=\"2020-06-17T09:58:56+00:00\" \/>\n<meta property=\"og:image\" content=\"https:\/\/www.hospizhilfe-siegen.de\/wp-content\/uploads\/2017\/10\/Jubilaum-Pause11-215x300.jpg\" \/>\n<meta name=\"twitter:card\" content=\"summary_large_image\" \/>\n<meta name=\"twitter:label1\" content=\"Gesch\u00e4tzte Lesezeit\" \/>\n\t<meta name=\"twitter:data1\" content=\"5\u00a0Minuten\" \/>\n<script type=\"application\/ld+json\" class=\"yoast-schema-graph\">{\"@context\":\"https:\/\/schema.org\",\"@graph\":[{\"@type\":\"WebPage\",\"@id\":\"https:\/\/www.hospizhilfe-siegen.de\/?page_id=655\",\"url\":\"https:\/\/www.hospizhilfe-siegen.de\/?page_id=655\",\"name\":\"10 j\u00e4hriges Jubil\u00e4um mit Klaus Kayser - hospizhilfe siegen\",\"isPartOf\":{\"@id\":\"https:\/\/www.hospizhilfe-siegen.de\/#website\"},\"primaryImageOfPage\":{\"@id\":\"https:\/\/www.hospizhilfe-siegen.de\/?page_id=655#primaryimage\"},\"image\":{\"@id\":\"https:\/\/www.hospizhilfe-siegen.de\/?page_id=655#primaryimage\"},\"thumbnailUrl\":\"https:\/\/www.hospizhilfe-siegen.de\/wp-content\/uploads\/2017\/10\/Jubilaum-Anfang31.jpg\",\"datePublished\":\"2017-10-25T08:43:15+00:00\",\"dateModified\":\"2020-06-17T09:58:56+00:00\",\"breadcrumb\":{\"@id\":\"https:\/\/www.hospizhilfe-siegen.de\/?page_id=655#breadcrumb\"},\"inLanguage\":\"de\",\"potentialAction\":[{\"@type\":\"ReadAction\",\"target\":[\"https:\/\/www.hospizhilfe-siegen.de\/?page_id=655\"]}]},{\"@type\":\"ImageObject\",\"inLanguage\":\"de\",\"@id\":\"https:\/\/www.hospizhilfe-siegen.de\/?page_id=655#primaryimage\",\"url\":\"https:\/\/www.hospizhilfe-siegen.de\/wp-content\/uploads\/2017\/10\/Jubilaum-Anfang31.jpg\",\"contentUrl\":\"https:\/\/www.hospizhilfe-siegen.de\/wp-content\/uploads\/2017\/10\/Jubilaum-Anfang31.jpg\"},{\"@type\":\"BreadcrumbList\",\"@id\":\"https:\/\/www.hospizhilfe-siegen.de\/?page_id=655#breadcrumb\",\"itemListElement\":[{\"@type\":\"ListItem\",\"position\":1,\"name\":\"Startseite\",\"item\":\"https:\/\/www.hospizhilfe-siegen.de\/\"},{\"@type\":\"ListItem\",\"position\":2,\"name\":\"Wir \u00fcber uns\",\"item\":\"https:\/\/www.hospizhilfe-siegen.de\/?page_id=24\"},{\"@type\":\"ListItem\",\"position\":3,\"name\":\"Archiv\",\"item\":\"https:\/\/www.hospizhilfe-siegen.de\/?page_id=219\"},{\"@type\":\"ListItem\",\"position\":4,\"name\":\"10 j\u00e4hriges Jubil\u00e4um mit Klaus Kayser\"}]},{\"@type\":\"WebSite\",\"@id\":\"https:\/\/www.hospizhilfe-siegen.de\/#website\",\"url\":\"https:\/\/www.hospizhilfe-siegen.de\/\",\"name\":\"hospizhilfe siegen\",\"description\":\"\",\"publisher\":{\"@id\":\"https:\/\/www.hospizhilfe-siegen.de\/#organization\"},\"potentialAction\":[{\"@type\":\"SearchAction\",\"target\":{\"@type\":\"EntryPoint\",\"urlTemplate\":\"https:\/\/www.hospizhilfe-siegen.de\/?s={search_term_string}\"},\"query-input\":{\"@type\":\"PropertyValueSpecification\",\"valueRequired\":true,\"valueName\":\"search_term_string\"}}],\"inLanguage\":\"de\"},{\"@type\":\"Organization\",\"@id\":\"https:\/\/www.hospizhilfe-siegen.de\/#organization\",\"name\":\"Ambulante \u00f6kumenische Hospizhilfe Siegen e.V.\",\"url\":\"https:\/\/www.hospizhilfe-siegen.de\/\",\"logo\":{\"@type\":\"ImageObject\",\"inLanguage\":\"de\",\"@id\":\"https:\/\/www.hospizhilfe-siegen.de\/#\/schema\/logo\/image\/\",\"url\":\"https:\/\/www.hospizhilfe-siegen.de\/wp-content\/uploads\/2017\/03\/logo_400.jpg\",\"contentUrl\":\"https:\/\/www.hospizhilfe-siegen.de\/wp-content\/uploads\/2017\/03\/logo_400.jpg\",\"width\":407,\"height\":159,\"caption\":\"Ambulante \u00f6kumenische Hospizhilfe Siegen e.V.\"},\"image\":{\"@id\":\"https:\/\/www.hospizhilfe-siegen.de\/#\/schema\/logo\/image\/\"},\"sameAs\":[\"https:\/\/www.facebook.com\/HospizhilfeSiegen\"]}]}<\/script>\n<!-- \/ Yoast SEO plugin. -->","yoast_head_json":{"title":"10 j\u00e4hriges Jubil\u00e4um mit Klaus Kayser - hospizhilfe siegen","robots":{"index":"index","follow":"follow","max-snippet":"max-snippet:-1","max-image-preview":"max-image-preview:large","max-video-preview":"max-video-preview:-1"},"canonical":"https:\/\/www.hospizhilfe-siegen.de\/?page_id=655","og_locale":"de_DE","og_type":"article","og_title":"10 j\u00e4hriges Jubil\u00e4um mit Klaus Kayser - hospizhilfe siegen","og_description":"10 Jahre Sterbebegleitung in Siegen Die Ambulante \u00f6kumenische Hospizhilfe Siegen e.V. feiert Jubil\u00e4um \u201eWir sind bereits einen langen Weg in der Geschichte der Hospizbewegung mitgegangen.\u201c Mit diesen Worten begr\u00fc\u00dfte Gerrit Ebener-Greis, die 1. Vorsitzende der Ambulanten \u00f6kumenischen Hospizhilfe Siegen e.V.","og_url":"https:\/\/www.hospizhilfe-siegen.de\/?page_id=655","og_site_name":"hospizhilfe siegen","article_publisher":"https:\/\/www.facebook.com\/HospizhilfeSiegen","article_modified_time":"2020-06-17T09:58:56+00:00","og_image":[{"url":"https:\/\/www.hospizhilfe-siegen.de\/wp-content\/uploads\/2017\/10\/Jubilaum-Pause11-215x300.jpg","type":"","width":"","height":""}],"twitter_card":"summary_large_image","twitter_misc":{"Gesch\u00e4tzte Lesezeit":"5\u00a0Minuten"},"schema":{"@context":"https:\/\/schema.org","@graph":[{"@type":"WebPage","@id":"https:\/\/www.hospizhilfe-siegen.de\/?page_id=655","url":"https:\/\/www.hospizhilfe-siegen.de\/?page_id=655","name":"10 j\u00e4hriges Jubil\u00e4um mit Klaus Kayser - hospizhilfe siegen","isPartOf":{"@id":"https:\/\/www.hospizhilfe-siegen.de\/#website"},"primaryImageOfPage":{"@id":"https:\/\/www.hospizhilfe-siegen.de\/?page_id=655#primaryimage"},"image":{"@id":"https:\/\/www.hospizhilfe-siegen.de\/?page_id=655#primaryimage"},"thumbnailUrl":"https:\/\/www.hospizhilfe-siegen.de\/wp-content\/uploads\/2017\/10\/Jubilaum-Anfang31.jpg","datePublished":"2017-10-25T08:43:15+00:00","dateModified":"2020-06-17T09:58:56+00:00","breadcrumb":{"@id":"https:\/\/www.hospizhilfe-siegen.de\/?page_id=655#breadcrumb"},"inLanguage":"de","potentialAction":[{"@type":"ReadAction","target":["https:\/\/www.hospizhilfe-siegen.de\/?page_id=655"]}]},{"@type":"ImageObject","inLanguage":"de","@id":"https:\/\/www.hospizhilfe-siegen.de\/?page_id=655#primaryimage","url":"https:\/\/www.hospizhilfe-siegen.de\/wp-content\/uploads\/2017\/10\/Jubilaum-Anfang31.jpg","contentUrl":"https:\/\/www.hospizhilfe-siegen.de\/wp-content\/uploads\/2017\/10\/Jubilaum-Anfang31.jpg"},{"@type":"BreadcrumbList","@id":"https:\/\/www.hospizhilfe-siegen.de\/?page_id=655#breadcrumb","itemListElement":[{"@type":"ListItem","position":1,"name":"Startseite","item":"https:\/\/www.hospizhilfe-siegen.de\/"},{"@type":"ListItem","position":2,"name":"Wir \u00fcber uns","item":"https:\/\/www.hospizhilfe-siegen.de\/?page_id=24"},{"@type":"ListItem","position":3,"name":"Archiv","item":"https:\/\/www.hospizhilfe-siegen.de\/?page_id=219"},{"@type":"ListItem","position":4,"name":"10 j\u00e4hriges Jubil\u00e4um mit Klaus Kayser"}]},{"@type":"WebSite","@id":"https:\/\/www.hospizhilfe-siegen.de\/#website","url":"https:\/\/www.hospizhilfe-siegen.de\/","name":"hospizhilfe siegen","description":"","publisher":{"@id":"https:\/\/www.hospizhilfe-siegen.de\/#organization"},"potentialAction":[{"@type":"SearchAction","target":{"@type":"EntryPoint","urlTemplate":"https:\/\/www.hospizhilfe-siegen.de\/?s={search_term_string}"},"query-input":{"@type":"PropertyValueSpecification","valueRequired":true,"valueName":"search_term_string"}}],"inLanguage":"de"},{"@type":"Organization","@id":"https:\/\/www.hospizhilfe-siegen.de\/#organization","name":"Ambulante \u00f6kumenische Hospizhilfe Siegen e.V.","url":"https:\/\/www.hospizhilfe-siegen.de\/","logo":{"@type":"ImageObject","inLanguage":"de","@id":"https:\/\/www.hospizhilfe-siegen.de\/#\/schema\/logo\/image\/","url":"https:\/\/www.hospizhilfe-siegen.de\/wp-content\/uploads\/2017\/03\/logo_400.jpg","contentUrl":"https:\/\/www.hospizhilfe-siegen.de\/wp-content\/uploads\/2017\/03\/logo_400.jpg","width":407,"height":159,"caption":"Ambulante \u00f6kumenische Hospizhilfe Siegen e.V."},"image":{"@id":"https:\/\/www.hospizhilfe-siegen.de\/#\/schema\/logo\/image\/"},"sameAs":["https:\/\/www.facebook.com\/HospizhilfeSiegen"]}]}},"_links":{"self":[{"href":"https:\/\/www.hospizhilfe-siegen.de\/index.php?rest_route=\/wp\/v2\/pages\/655","targetHints":{"allow":["GET"]}}],"collection":[{"href":"https:\/\/www.hospizhilfe-siegen.de\/index.php?rest_route=\/wp\/v2\/pages"}],"about":[{"href":"https:\/\/www.hospizhilfe-siegen.de\/index.php?rest_route=\/wp\/v2\/types\/page"}],"author":[{"embeddable":true,"href":"https:\/\/www.hospizhilfe-siegen.de\/index.php?rest_route=\/wp\/v2\/users\/2"}],"replies":[{"embeddable":true,"href":"https:\/\/www.hospizhilfe-siegen.de\/index.php?rest_route=%2Fwp%2Fv2%2Fcomments&post=655"}],"version-history":[{"count":15,"href":"https:\/\/www.hospizhilfe-siegen.de\/index.php?rest_route=\/wp\/v2\/pages\/655\/revisions"}],"predecessor-version":[{"id":2094,"href":"https:\/\/www.hospizhilfe-siegen.de\/index.php?rest_route=\/wp\/v2\/pages\/655\/revisions\/2094"}],"up":[{"embeddable":true,"href":"https:\/\/www.hospizhilfe-siegen.de\/index.php?rest_route=\/wp\/v2\/pages\/219"}],"wp:attachment":[{"href":"https:\/\/www.hospizhilfe-siegen.de\/index.php?rest_route=%2Fwp%2Fv2%2Fmedia&parent=655"}],"curies":[{"name":"wp","href":"https:\/\/api.w.org\/{rel}","templated":true}]}}